{"id":110,"date":"2018-07-11T14:12:06","date_gmt":"2018-07-11T14:12:06","guid":{"rendered":"https:\/\/cpllanca.cat\/?page_id=110"},"modified":"2018-07-27T08:03:02","modified_gmt":"2018-07-27T08:03:02","slug":"articles","status":"publish","type":"page","link":"https:\/\/cpllanca.cat\/index.php\/articles\/","title":{"rendered":"Articles"},"content":{"rendered":"\t\t<div data-elementor-type=\"wp-post\" data-elementor-id=\"110\" class=\"elementor elementor-110 elementor-bc-flex-widget\" data-elementor-settings=\"[]\">\n\t\t\t\t\t\t<div class=\"elementor-inner\">\n\t\t\t\t\t\t\t<div class=\"elementor-section-wrap\">\n\t\t\t\t\t\t\t<section class=\"elementor-section elementor-top-section elementor-element elementor-element-b7a3a4b elementor-section-boxed elementor-section-height-default elementor-section-height-default\" data-id=\"b7a3a4b\" data-element_type=\"section\">\n\t\t\t\t\t\t<div class=\"elementor-container elementor-column-gap-default\">\n\t\t\t\t\t\t\t<div class=\"elementor-row\">\n\t\t\t\t\t<div class=\"elementor-column elementor-col-100 elementor-top-column elementor-element elementor-element-57616a3\" data-id=\"57616a3\" data-element_type=\"column\">\n\t\t\t<div class=\"elementor-column-wrap elementor-element-populated\">\n\t\t\t\t\t\t\t<div class=\"elementor-widget-wrap\">\n\t\t\t\t\t\t<div class=\"elementor-element elementor-element-d63b9e6 elementor-widget elementor-widget-spacer\" data-id=\"d63b9e6\" data-element_type=\"widget\" data-widget_type=\"spacer.default\">\n\t\t\t\t<div class=\"elementor-widget-container\">\n\t\t\t\t\t<div class=\"elementor-spacer\">\n\t\t\t<div class=\"elementor-spacer-inner\"><\/div>\n\t\t<\/div>\n\t\t\t\t<\/div>\n\t\t\t\t<\/div>\n\t\t\t\t\t\t<\/div>\n\t\t\t\t\t<\/div>\n\t\t<\/div>\n\t\t\t\t\t\t\t\t<\/div>\n\t\t\t\t\t<\/div>\n\t\t<\/section>\n\t\t\t\t<section class=\"elementor-section elementor-top-section elementor-element elementor-element-3f7acea elementor-section-boxed elementor-section-height-default elementor-section-height-default\" data-id=\"3f7acea\" data-element_type=\"section\">\n\t\t\t\t\t\t<div class=\"elementor-container elementor-column-gap-default\">\n\t\t\t\t\t\t\t<div class=\"elementor-row\">\n\t\t\t\t\t<div class=\"elementor-column elementor-col-100 elementor-top-column elementor-element elementor-element-cb693a4\" data-id=\"cb693a4\" data-element_type=\"column\">\n\t\t\t<div class=\"elementor-column-wrap elementor-element-populated\">\n\t\t\t\t\t\t\t<div class=\"elementor-widget-wrap\">\n\t\t\t\t\t\t<div class=\"elementor-element elementor-element-b6a870a elementor-widget elementor-widget-text-editor\" data-id=\"b6a870a\" data-element_type=\"widget\" data-widget_type=\"text-editor.default\">\n\t\t\t\t<div class=\"elementor-widget-container\">\n\t\t\t\t\t\t\t\t<div class=\"elementor-text-editor elementor-clearfix\">\n\t\t\t\t<ul><li><u>Evoluci\u00f3 de la pesca al Port de Llan\u00e7\u00e0 durant el per\u00edode 1977 \u2013 1996<\/u> \u2013 Sandra Mart\u00ednez i Mallol<\/li><li><u>El P\u00f2sit o Confraria de Pescadors del Port de Llan\u00e7\u00e0<\/u> \u2013 Francesc F\u00e0brega i Bosch<\/li><li><u>Reflexions sobre la pesca<\/u> \u2013 Joan Nadal i Forti\u00e0<\/li><li><u>El corall vermell<\/u> \u2013 Arnald Pluj\u00e0 i Canals<\/li><li><u>El mestre d\u2019aixa. Entrevista amb Isidre F\u00e0brega, darrer calafat de Llan\u00e7\u00e0<\/u> \u2013 Rafael Borr\u00e0s<\/li><li><u>La Pesca. Sistemes alternatius: entre l\u2019habilitat i la t\u00e8cnica<\/u> \u2013 Carles Molins<\/li><li><u>De la Mar, el pescador<\/u> \u2013 Santi Coll<\/li><li><u>Una nit d\u2019encesa<\/u> \u2013 Jaume Quintana i Llauneta<\/li><li><u>La festa de la Mare de D\u00e9u del 8 de setembre, a la Capella del Port, segons una consueta del 1816<\/u> \u2013 Mn. Josep Claveguera i Canet<\/li><li><u>La cuina a la barca<\/u> \u2013 S\u00f2nia L\u00f3pez i Mallol<\/li><li><u>Llan\u00e7\u00e0, el mar i la pesca als anys quaranta. Una xerrada amb l\u2019avi Moll\u00f3<\/u> \u2013 Antoni Godoy<\/li><li><u>Not\u00edcies sobre l\u2019almadrava volant de Llan\u00e7\u00e0<\/u> \u2013 \u00c8rika Serna Coba i Joan Serra Perals<\/li><li><u>Pescadors de Llan\u00e7\u00e0<\/u> \u2013 Lurdes Boix<\/li><li><u>Els P\u00f2sits de Pescadors davant l\u2019entrada al mercat com\u00fa<\/u> \u2013 Francesc F\u00e0brega i Bosch<\/li><li><u>El Corall i els corallers<\/u> \u2013 Francesc F\u00e0brega i Bosch<\/li><li><u>Un plaer de l\u2019hivern: Les garotes<\/u> \u2013 Francesc F\u00e0brega i Bosch<\/li><li><u>D\u2019un Llan\u00e7\u00e0 d\u2019abans&#8230; La pesca del bou. Entrevista amb en Francesc Pujol<\/u> <u>\u201cXico Moll\u00f3<\/u>\u201d \u2013 Ma Antonia Pag\u00e8s i Mallol<\/li><li><u>Suquet de peix. Una conversa amb en Francesc Negre, \u201cNyoli<\/u>\u201d \u2013 Ma Antonia Pag\u00e8s i Mallol<\/li><li><u>Les nostres associacions. El P\u00f2sit del Port de Llan\u00e7\u00e0. Entrevista amb en Ferran<\/u> <u>Garriga, \u201cNando\u201d, i en Francesc Pujol \u201cMoll\u00f3<\/u>\u201d \u2013 Francesc F\u00e0brega i Bosch<\/li><\/ul>\t\t\t\t\t<\/div>\n\t\t\t\t\t\t<\/div>\n\t\t\t\t<\/div>\n\t\t\t\t\t\t<\/div>\n\t\t\t\t\t<\/div>\n\t\t<\/div>\n\t\t\t\t\t\t\t\t<\/div>\n\t\t\t\t\t<\/div>\n\t\t<\/section>\n\t\t\t\t\t\t<\/div>\n\t\t\t\t\t\t<\/div>\n\t\t\t\t\t<\/div>\n\t\t","protected":false},"excerpt":{"rendered":"<p>Evoluci\u00f3 de la pesca al Port de Llan\u00e7\u00e0 durant el per\u00edode 1977 \u2013 1996 \u2013 Sandra Mart\u00ednez i Mallol El P\u00f2sit o Confraria de Pescadors del Port de Llan\u00e7\u00e0 \u2013 Francesc F\u00e0brega i Bosch Reflexions sobre la pesca \u2013 Joan Nadal i Forti\u00e0 El corall vermell \u2013 Arnald Pluj\u00e0 i Canals El mestre d\u2019aixa. Entrevista <a class=\"read-more\" href=\"https:\/\/cpllanca.cat\/index.php\/articles\/\">Read More<\/a><\/p>\n","protected":false},"author":1,"featured_media":0,"parent":0,"menu_order":0,"comment_status":"closed","ping_status":"closed","template":"","meta":[],"_links":{"self":[{"href":"https:\/\/cpllanca.cat\/index.php\/wp-json\/wp\/v2\/pages\/110"}],"collection":[{"href":"https:\/\/cpllanca.cat\/index.php\/wp-json\/wp\/v2\/pages"}],"about":[{"href":"https:\/\/cpllanca.cat\/index.php\/wp-json\/wp\/v2\/types\/page"}],"author":[{"embeddable":true,"href":"https:\/\/cpllanca.cat\/index.php\/wp-json\/wp\/v2\/users\/1"}],"replies":[{"embeddable":true,"href":"https:\/\/cpllanca.cat\/index.php\/wp-json\/wp\/v2\/comments?post=110"}],"version-history":[{"count":2,"href":"https:\/\/cpllanca.cat\/index.php\/wp-json\/wp\/v2\/pages\/110\/revisions"}],"predecessor-version":[{"id":276,"href":"https:\/\/cpllanca.cat\/index.php\/wp-json\/wp\/v2\/pages\/110\/revisions\/276"}],"wp:attachment":[{"href":"https:\/\/cpllanca.cat\/index.php\/wp-json\/wp\/v2\/media?parent=110"}],"curies":[{"name":"wp","href":"https:\/\/api.w.org\/{rel}","templated":true}]}}